{"id":590,"date":"2026-04-09T08:28:23","date_gmt":"2026-04-09T08:28:23","guid":{"rendered":"https:\/\/circulareconomyhotspotbudapest.com\/?page_id=590"},"modified":"2026-04-27T10:36:39","modified_gmt":"2026-04-27T10:36:39","slug":"speakers","status":"publish","type":"page","link":"https:\/\/circulareconomyhotspotbudapest.com\/hu\/speakers\/","title":{"rendered":"El\u0151ad\u00f3k"},"content":{"rendered":"<div id='av_section_1'  class='avia-section av-mnr9h5ua-66ed163ec59f8a8624a63d358119453e alternate_color avia-section-default avia-no-border-styling  avia-builder-el-0  avia-builder-el-no-sibling  avia-bg-style-scroll container_wrap fullsize'  ><div class='container av-section-cont-open' ><main  role=\"main\" itemprop=\"mainContentOfPage\"  class='template-page content  av-content-full alpha units'><div class='post-entry post-entry-type-page post-entry-590'><div class='entry-content-wrapper clearfix'>\n\n<style type=\"text\/css\" data-created_by=\"avia_inline_auto\" id=\"style-css-av-mnx0zw39-6f239ddc7805d662f93b40f2c9e6d949\">\n#top .av-special-heading.av-mnx0zw39-6f239ddc7805d662f93b40f2c9e6d949{\npadding-bottom:10px;\n}\nbody .av-special-heading.av-mnx0zw39-6f239ddc7805d662f93b40f2c9e6d949 .av-special-heading-tag .heading-char{\nfont-size:25px;\n}\n.av-special-heading.av-mnx0zw39-6f239ddc7805d662f93b40f2c9e6d949 .av-subheading{\nfont-size:15px;\n}\n<\/style>\n<div  class='av-special-heading av-mnx0zw39-6f239ddc7805d662f93b40f2c9e6d949 av-special-heading-h2 blockquote modern-quote  avia-builder-el-1  el_before_av_portfolio  avia-builder-el-no-sibling'><h2 class='av-special-heading-tag'  itemprop=\"headline\"  >El\u0151ad\u00f3k<\/h2><div class=\"special-heading-border\"><div class=\"special-heading-inner-border\"><\/div><\/div><\/div>\n<div  id=\"speakers_intro\"  class=\"av-portfolio-grid-sorting-container\"><div class='sort_width_container  av-sort-yes' data-portfolio-id='1' ><div id='js_sort_items' ><div class='sort_by_cat hidden'><a href=\"#\" data-filter=\"all_sort\" class=\"all_sort_button active_sort\"><span class=\"inner_sort_button\"><span>Mind<\/span><small class=\"av-cat-count\"> 26 <\/small><\/span><\/a><span class=\"text-sep circular-economy_sort_sep\">\/<\/span><a href=\"#\" data-filter=\"circular-economy_sort\" class=\"circular-economy_sort_button\" ><span class=\"inner_sort_button\"><span>Circular Economy<\/span><small class=\"av-cat-count\"> 26 <\/small><\/span><\/a><\/div><\/div><\/div><div  class='grid-sort-container isotope   no_margin-container with-excerpt-container grid-total-even grid-col-4 grid-links-' data-portfolio-id='1'><div data-ajax-id='1006' class='grid-entry flex_column isotope-item all_sort no_margin post-entry post-entry-1006 grid-entry-overview grid-loop-1 grid-parity-odd  circular-economy_sort  av_one_fourth first default_av_fullwidth'><article class='main_color inner-entry'  itemscope=\"itemscope\" itemtype=\"https:\/\/schema.org\/CreativeWork\" ><a href=\"https:\/\/circulareconomyhotspotbudapest.com\/hu\/speaker\/arato-gabor\/\" title='Arat\u00f3 G\u00e1bor,'  data-rel='grid-1' class='grid-image avia-hover-fx'> <img decoding=\"async\" fetchpriority=\"high\" width=\"300\" height=\"300\" src=\"https:\/\/circulareconomyhotspotbudapest.com\/wp-content\/uploads\/2026\/04\/5-300x300.png\" class=\"wp-image-835 avia-img-lazy-loading-not-835 attachment-medium size-medium wp-post-image\" alt=\"\" srcset=\"https:\/\/circulareconomyhotspotbudapest.com\/wp-content\/uploads\/2026\/04\/5-300x300.png 300w, https:\/\/circulareconomyhotspotbudapest.com\/wp-content\/uploads\/2026\/04\/5-80x80.png 80w, https:\/\/circulareconomyhotspotbudapest.com\/wp-content\/uploads\/2026\/04\/5-768x768.png 768w, https:\/\/circulareconomyhotspotbudapest.com\/wp-content\/uploads\/2026\/04\/5-12x12.png 12w, https:\/\/circulareconomyhotspotbudapest.com\/wp-content\/uploads\/2026\/04\/5-36x36.png 36w, https:\/\/circulareconomyhotspotbudapest.com\/wp-content\/uploads\/2026\/04\/5-180x180.png 180w, https:\/\/circulareconomyhotspotbudapest.com\/wp-content\/uploads\/2026\/04\/5-705x705.png 705w, https:\/\/circulareconomyhotspotbudapest.com\/wp-content\/uploads\/2026\/04\/5-120x120.png 120w, https:\/\/circulareconomyhotspotbudapest.com\/wp-content\/uploads\/2026\/04\/5-450x450.png 450w, https:\/\/circulareconomyhotspotbudapest.com\/wp-content\/uploads\/2026\/04\/5-600x600.png 600w, https:\/\/circulareconomyhotspotbudapest.com\/wp-content\/uploads\/2026\/04\/5-100x100.png 100w, https:\/\/circulareconomyhotspotbudapest.com\/wp-content\/uploads\/2026\/04\/5.png 1000w\" sizes=\"(max-width: 300px) 100vw, 300px\" \/><\/a><div class='grid-content'><div class='avia-arrow'><\/div><header class=\"entry-content-header\" aria-label=\"Portfolio: G\u00e1bor Arat\u00f3\"><h3 class='grid-entry-title entry-title'  itemprop=\"headline\" ><a href='https:\/\/circulareconomyhotspotbudapest.com\/hu\/speaker\/arato-gabor\/' title='Arat\u00f3 G\u00e1bor,'>Arat\u00f3 G\u00e1bor,<\/a><\/h3><\/header><div class='grid-entry-excerpt entry-content'  itemprop=\"text\" >\u00dcgyvezet\u0151 igazgat\u00f3 <br> Manupackaging International Kft.<\/div><\/div><footer class=\"entry-footer\"><\/footer><\/article><\/div><div data-ajax-id='921' class='grid-entry flex_column isotope-item all_sort no_margin post-entry post-entry-921 grid-entry-overview grid-loop-2 grid-parity-even  circular-economy_sort  av_one_fourth  default_av_fullwidth'><article class='main_color inner-entry'  itemscope=\"itemscope\" itemtype=\"https:\/\/schema.org\/CreativeWork\" ><a href=\"https:\/\/circulareconomyhotspotbudapest.com\/hu\/speaker\/bartha-horvath-balint\/\" title='Bartha-Horv\u00e1th B\u00e1lint'  data-rel='grid-1' class='grid-image avia-hover-fx'> <img decoding=\"async\" fetchpriority=\"high\" width=\"300\" height=\"300\" src=\"https:\/\/circulareconomyhotspotbudapest.com\/wp-content\/uploads\/2026\/04\/Hotspot-Portrek-5-300x300.png\" class=\"wp-image-922 avia-img-lazy-loading-not-922 attachment-medium size-medium wp-post-image\" alt=\"\" srcset=\"https:\/\/circulareconomyhotspotbudapest.com\/wp-content\/uploads\/2026\/04\/Hotspot-Portrek-5-300x300.png 300w, https:\/\/circulareconomyhotspotbudapest.com\/wp-content\/uploads\/2026\/04\/Hotspot-Portrek-5-80x80.png 80w, https:\/\/circulareconomyhotspotbudapest.com\/wp-content\/uploads\/2026\/04\/Hotspot-Portrek-5-768x768.png 768w, https:\/\/circulareconomyhotspotbudapest.com\/wp-content\/uploads\/2026\/04\/Hotspot-Portrek-5-12x12.png 12w, https:\/\/circulareconomyhotspotbudapest.com\/wp-content\/uploads\/2026\/04\/Hotspot-Portrek-5-36x36.png 36w, https:\/\/circulareconomyhotspotbudapest.com\/wp-content\/uploads\/2026\/04\/Hotspot-Portrek-5-180x180.png 180w, https:\/\/circulareconomyhotspotbudapest.com\/wp-content\/uploads\/2026\/04\/Hotspot-Portrek-5-705x705.png 705w, https:\/\/circulareconomyhotspotbudapest.com\/wp-content\/uploads\/2026\/04\/Hotspot-Portrek-5-120x120.png 120w, https:\/\/circulareconomyhotspotbudapest.com\/wp-content\/uploads\/2026\/04\/Hotspot-Portrek-5-450x450.png 450w, https:\/\/circulareconomyhotspotbudapest.com\/wp-content\/uploads\/2026\/04\/Hotspot-Portrek-5-600x600.png 600w, https:\/\/circulareconomyhotspotbudapest.com\/wp-content\/uploads\/2026\/04\/Hotspot-Portrek-5-100x100.png 100w, https:\/\/circulareconomyhotspotbudapest.com\/wp-content\/uploads\/2026\/04\/Hotspot-Portrek-5.png 1000w\" sizes=\"(max-width: 300px) 100vw, 300px\" \/><\/a><div class='grid-content'><div class='avia-arrow'><\/div><header class=\"entry-content-header\" aria-label=\"Portfolio: B\u00e1lint Bartha-Horv\u00e1th\"><h3 class='grid-entry-title entry-title'  itemprop=\"headline\" ><a href='https:\/\/circulareconomyhotspotbudapest.com\/hu\/speaker\/bartha-horvath-balint\/' title='Bartha-Horv\u00e1th B\u00e1lint'>Bartha-Horv\u00e1th B\u00e1lint<\/a><\/h3><\/header><div class='grid-entry-excerpt entry-content'  itemprop=\"text\" >Igazgat\u00f3helyettes <br> ESG & Sustainability Solutions<\/div><\/div><footer class=\"entry-footer\"><\/footer><\/article><\/div><div data-ajax-id='936' class='grid-entry flex_column isotope-item all_sort no_margin post-entry post-entry-936 grid-entry-overview grid-loop-3 grid-parity-odd  circular-economy_sort  av_one_fourth  default_av_fullwidth'><article class='main_color inner-entry'  itemscope=\"itemscope\" itemtype=\"https:\/\/schema.org\/CreativeWork\" ><a href=\"https:\/\/circulareconomyhotspotbudapest.com\/hu\/speaker\/basila-martin-2\/\" title='Martin Basila'  data-rel='grid-1' class='grid-image avia-hover-fx'> <img decoding=\"async\" fetchpriority=\"high\" width=\"300\" height=\"300\" src=\"https:\/\/circulareconomyhotspotbudapest.com\/wp-content\/uploads\/2026\/04\/Hotspot-Portrek-7-300x300.png\" class=\"wp-image-935 avia-img-lazy-loading-not-935 attachment-medium size-medium wp-post-image\" alt=\"\" srcset=\"https:\/\/circulareconomyhotspotbudapest.com\/wp-content\/uploads\/2026\/04\/Hotspot-Portrek-7-300x300.png 300w, https:\/\/circulareconomyhotspotbudapest.com\/wp-content\/uploads\/2026\/04\/Hotspot-Portrek-7-80x80.png 80w, https:\/\/circulareconomyhotspotbudapest.com\/wp-content\/uploads\/2026\/04\/Hotspot-Portrek-7-768x768.png 768w, https:\/\/circulareconomyhotspotbudapest.com\/wp-content\/uploads\/2026\/04\/Hotspot-Portrek-7-12x12.png 12w, https:\/\/circulareconomyhotspotbudapest.com\/wp-content\/uploads\/2026\/04\/Hotspot-Portrek-7-36x36.png 36w, https:\/\/circulareconomyhotspotbudapest.com\/wp-content\/uploads\/2026\/04\/Hotspot-Portrek-7-180x180.png 180w, https:\/\/circulareconomyhotspotbudapest.com\/wp-content\/uploads\/2026\/04\/Hotspot-Portrek-7-705x705.png 705w, https:\/\/circulareconomyhotspotbudapest.com\/wp-content\/uploads\/2026\/04\/Hotspot-Portrek-7-120x120.png 120w, https:\/\/circulareconomyhotspotbudapest.com\/wp-content\/uploads\/2026\/04\/Hotspot-Portrek-7-450x450.png 450w, https:\/\/circulareconomyhotspotbudapest.com\/wp-content\/uploads\/2026\/04\/Hotspot-Portrek-7-600x600.png 600w, https:\/\/circulareconomyhotspotbudapest.com\/wp-content\/uploads\/2026\/04\/Hotspot-Portrek-7-100x100.png 100w, https:\/\/circulareconomyhotspotbudapest.com\/wp-content\/uploads\/2026\/04\/Hotspot-Portrek-7.png 1000w\" sizes=\"(max-width: 300px) 100vw, 300px\" \/><\/a><div class='grid-content'><div class='avia-arrow'><\/div><header class=\"entry-content-header\" aria-label=\"Portfolio: Martin Basila\"><h3 class='grid-entry-title entry-title'  itemprop=\"headline\" ><a href='https:\/\/circulareconomyhotspotbudapest.com\/hu\/speaker\/basila-martin-2\/' title='Martin Basila'>Martin Basila<\/a><\/h3><\/header><div class='grid-entry-excerpt entry-content'  itemprop=\"text\" >Vez\u00e9rigazgat\u00f3 \u00e9s t\u00e1rsalap\u00edt\u00f3<br>Sensoneo<\/div><\/div><footer class=\"entry-footer\"><\/footer><\/article><\/div><div data-ajax-id='1242' class='grid-entry flex_column isotope-item all_sort no_margin post-entry post-entry-1242 grid-entry-overview grid-loop-4 grid-parity-even  circular-economy_sort  av_one_fourth  default_av_fullwidth'><article class='main_color inner-entry'  itemscope=\"itemscope\" itemtype=\"https:\/\/schema.org\/CreativeWork\" ><a href=\"https:\/\/circulareconomyhotspotbudapest.com\/hu\/speaker\/berkovics-dalma-2\/\" title='Berkovics Dalma'  data-rel='grid-1' class='grid-image avia-hover-fx'> <img decoding=\"async\" fetchpriority=\"high\" width=\"300\" height=\"300\" src=\"https:\/\/circulareconomyhotspotbudapest.com\/wp-content\/uploads\/2026\/04\/Hotspot-Portrek-12-1-300x300.png\" class=\"wp-image-986 avia-img-lazy-loading-not-986 attachment-medium size-medium wp-post-image\" alt=\"\" srcset=\"https:\/\/circulareconomyhotspotbudapest.com\/wp-content\/uploads\/2026\/04\/Hotspot-Portrek-12-1-300x300.png 300w, https:\/\/circulareconomyhotspotbudapest.com\/wp-content\/uploads\/2026\/04\/Hotspot-Portrek-12-1-80x80.png 80w, https:\/\/circulareconomyhotspotbudapest.com\/wp-content\/uploads\/2026\/04\/Hotspot-Portrek-12-1-768x768.png 768w, https:\/\/circulareconomyhotspotbudapest.com\/wp-content\/uploads\/2026\/04\/Hotspot-Portrek-12-1-12x12.png 12w, https:\/\/circulareconomyhotspotbudapest.com\/wp-content\/uploads\/2026\/04\/Hotspot-Portrek-12-1-36x36.png 36w, https:\/\/circulareconomyhotspotbudapest.com\/wp-content\/uploads\/2026\/04\/Hotspot-Portrek-12-1-180x180.png 180w, https:\/\/circulareconomyhotspotbudapest.com\/wp-content\/uploads\/2026\/04\/Hotspot-Portrek-12-1-705x705.png 705w, https:\/\/circulareconomyhotspotbudapest.com\/wp-content\/uploads\/2026\/04\/Hotspot-Portrek-12-1-120x120.png 120w, https:\/\/circulareconomyhotspotbudapest.com\/wp-content\/uploads\/2026\/04\/Hotspot-Portrek-12-1-450x450.png 450w, https:\/\/circulareconomyhotspotbudapest.com\/wp-content\/uploads\/2026\/04\/Hotspot-Portrek-12-1-600x600.png 600w, https:\/\/circulareconomyhotspotbudapest.com\/wp-content\/uploads\/2026\/04\/Hotspot-Portrek-12-1-100x100.png 100w, https:\/\/circulareconomyhotspotbudapest.com\/wp-content\/uploads\/2026\/04\/Hotspot-Portrek-12-1.png 1000w\" sizes=\"(max-width: 300px) 100vw, 300px\" \/><\/a><div class='grid-content'><div class='avia-arrow'><\/div><header class=\"entry-content-header\" aria-label=\"Portfolio: Dalma Berkovics\"><h3 class='grid-entry-title entry-title'  itemprop=\"headline\" ><a href='https:\/\/circulareconomyhotspotbudapest.com\/hu\/speaker\/berkovics-dalma-2\/' title='Berkovics Dalma'>Berkovics Dalma<\/a><\/h3><\/header><div class='grid-entry-excerpt entry-content'  itemprop=\"text\" >Megoszt\u00e1sos gazdas\u00e1g szak\u00e9rt\u0151je<\/div><\/div><footer class=\"entry-footer\"><\/footer><\/article><\/div><div data-ajax-id='927' class='grid-entry flex_column isotope-item all_sort no_margin post-entry post-entry-927 grid-entry-overview grid-loop-5 grid-parity-odd  circular-economy_sort  av_one_fourth first default_av_fullwidth'><article class='main_color inner-entry'  itemscope=\"itemscope\" itemtype=\"https:\/\/schema.org\/CreativeWork\" ><a href=\"https:\/\/circulareconomyhotspotbudapest.com\/hu\/speaker\/bodnar-viktoria\/\" title='Dr. Bodn\u00e1r Vikt\u00f3ria'  data-rel='grid-1' class='grid-image avia-hover-fx'> <img decoding=\"async\" fetchpriority=\"high\" width=\"300\" height=\"300\" src=\"https:\/\/circulareconomyhotspotbudapest.com\/wp-content\/uploads\/2026\/04\/Hotspot-Portrek-6-300x300.png\" class=\"wp-image-930 avia-img-lazy-loading-not-930 attachment-medium size-medium wp-post-image\" alt=\"\" srcset=\"https:\/\/circulareconomyhotspotbudapest.com\/wp-content\/uploads\/2026\/04\/Hotspot-Portrek-6-300x300.png 300w, https:\/\/circulareconomyhotspotbudapest.com\/wp-content\/uploads\/2026\/04\/Hotspot-Portrek-6-80x80.png 80w, https:\/\/circulareconomyhotspotbudapest.com\/wp-content\/uploads\/2026\/04\/Hotspot-Portrek-6-768x768.png 768w, https:\/\/circulareconomyhotspotbudapest.com\/wp-content\/uploads\/2026\/04\/Hotspot-Portrek-6-12x12.png 12w, https:\/\/circulareconomyhotspotbudapest.com\/wp-content\/uploads\/2026\/04\/Hotspot-Portrek-6-36x36.png 36w, https:\/\/circulareconomyhotspotbudapest.com\/wp-content\/uploads\/2026\/04\/Hotspot-Portrek-6-180x180.png 180w, https:\/\/circulareconomyhotspotbudapest.com\/wp-content\/uploads\/2026\/04\/Hotspot-Portrek-6-705x705.png 705w, https:\/\/circulareconomyhotspotbudapest.com\/wp-content\/uploads\/2026\/04\/Hotspot-Portrek-6-120x120.png 120w, https:\/\/circulareconomyhotspotbudapest.com\/wp-content\/uploads\/2026\/04\/Hotspot-Portrek-6-450x450.png 450w, https:\/\/circulareconomyhotspotbudapest.com\/wp-content\/uploads\/2026\/04\/Hotspot-Portrek-6-600x600.png 600w, https:\/\/circulareconomyhotspotbudapest.com\/wp-content\/uploads\/2026\/04\/Hotspot-Portrek-6-100x100.png 100w, https:\/\/circulareconomyhotspotbudapest.com\/wp-content\/uploads\/2026\/04\/Hotspot-Portrek-6.png 1000w\" sizes=\"(max-width: 300px) 100vw, 300px\" \/><\/a><div class='grid-content'><div class='avia-arrow'><\/div><header class=\"entry-content-header\" aria-label=\"Portfolio: Dr. Vikt\u00f3ria Bodn\u00e1r\"><h3 class='grid-entry-title entry-title'  itemprop=\"headline\" ><a href='https:\/\/circulareconomyhotspotbudapest.com\/hu\/speaker\/bodnar-viktoria\/' title='Dr. Bodn\u00e1r Vikt\u00f3ria'>Dr. Bodn\u00e1r Vikt\u00f3ria<\/a><\/h3><\/header><div class='grid-entry-excerpt entry-content'  itemprop=\"text\" >\u00dcgyvezet\u0151 partner <br> IFUA Horv\u00e1th &amp; Partners Kft.\n<\/div><\/div><footer class=\"entry-footer\"><\/footer><\/article><\/div><div data-ajax-id='641' class='grid-entry flex_column isotope-item all_sort no_margin post-entry post-entry-641 grid-entry-overview grid-loop-6 grid-parity-even  circular-economy_sort  av_one_fourth  default_av_fullwidth'><article class='main_color inner-entry'  itemscope=\"itemscope\" itemtype=\"https:\/\/schema.org\/CreativeWork\" ><a href=\"https:\/\/circulareconomyhotspotbudapest.com\/hu\/speaker\/borkey-peter\/\" title='Peter B\u00f6rkey'  data-rel='grid-1' class='grid-image avia-hover-fx'> <img decoding=\"async\" fetchpriority=\"high\" width=\"300\" height=\"300\" src=\"https:\/\/circulareconomyhotspotbudapest.com\/wp-content\/uploads\/2026\/04\/2-2-300x300.png\" class=\"wp-image-832 avia-img-lazy-loading-not-832 attachment-medium size-medium wp-post-image\" alt=\"\" srcset=\"https:\/\/circulareconomyhotspotbudapest.com\/wp-content\/uploads\/2026\/04\/2-2-300x300.png 300w, https:\/\/circulareconomyhotspotbudapest.com\/wp-content\/uploads\/2026\/04\/2-2-80x80.png 80w, https:\/\/circulareconomyhotspotbudapest.com\/wp-content\/uploads\/2026\/04\/2-2-768x768.png 768w, https:\/\/circulareconomyhotspotbudapest.com\/wp-content\/uploads\/2026\/04\/2-2-12x12.png 12w, https:\/\/circulareconomyhotspotbudapest.com\/wp-content\/uploads\/2026\/04\/2-2-36x36.png 36w, https:\/\/circulareconomyhotspotbudapest.com\/wp-content\/uploads\/2026\/04\/2-2-180x180.png 180w, https:\/\/circulareconomyhotspotbudapest.com\/wp-content\/uploads\/2026\/04\/2-2-705x705.png 705w, https:\/\/circulareconomyhotspotbudapest.com\/wp-content\/uploads\/2026\/04\/2-2-120x120.png 120w, https:\/\/circulareconomyhotspotbudapest.com\/wp-content\/uploads\/2026\/04\/2-2-450x450.png 450w, https:\/\/circulareconomyhotspotbudapest.com\/wp-content\/uploads\/2026\/04\/2-2-600x600.png 600w, https:\/\/circulareconomyhotspotbudapest.com\/wp-content\/uploads\/2026\/04\/2-2-100x100.png 100w, https:\/\/circulareconomyhotspotbudapest.com\/wp-content\/uploads\/2026\/04\/2-2.png 1000w\" sizes=\"(max-width: 300px) 100vw, 300px\" \/><\/a><div class='grid-content'><div class='avia-arrow'><\/div><header class=\"entry-content-header\" aria-label=\"Portfolio: Peter B\u00f6rkey\"><h3 class='grid-entry-title entry-title'  itemprop=\"headline\" ><a href='https:\/\/circulareconomyhotspotbudapest.com\/hu\/speaker\/borkey-peter\/' title='Peter B\u00f6rkey'>Peter B\u00f6rkey<\/a><\/h3><\/header><div class='grid-entry-excerpt entry-content'  itemprop=\"text\" >K\u00f6rforg\u00e1sos gazdas\u00e1g\u00e9rt felel\u0151s vezet\u0151<br>\nOECD<\/div><\/div><footer class=\"entry-footer\"><\/footer><\/article><\/div><div data-ajax-id='772' class='grid-entry flex_column isotope-item all_sort no_margin post-entry post-entry-772 grid-entry-overview grid-loop-7 grid-parity-odd  circular-economy_sort  av_one_fourth  default_av_fullwidth'><article class='main_color inner-entry'  itemscope=\"itemscope\" itemtype=\"https:\/\/schema.org\/CreativeWork\" ><a href=\"https:\/\/circulareconomyhotspotbudapest.com\/hu\/speaker\/chikan-attila\/\" title='Ifjabb Chik\u00e1n Attila'  data-rel='grid-1' class='grid-image avia-hover-fx'> <img decoding=\"async\" fetchpriority=\"high\" width=\"300\" height=\"300\" src=\"https:\/\/circulareconomyhotspotbudapest.com\/wp-content\/uploads\/2026\/04\/4-300x300.png\" class=\"wp-image-834 avia-img-lazy-loading-not-834 attachment-medium size-medium wp-post-image\" alt=\"\" srcset=\"https:\/\/circulareconomyhotspotbudapest.com\/wp-content\/uploads\/2026\/04\/4-300x300.png 300w, https:\/\/circulareconomyhotspotbudapest.com\/wp-content\/uploads\/2026\/04\/4-80x80.png 80w, https:\/\/circulareconomyhotspotbudapest.com\/wp-content\/uploads\/2026\/04\/4-768x768.png 768w, https:\/\/circulareconomyhotspotbudapest.com\/wp-content\/uploads\/2026\/04\/4-12x12.png 12w, https:\/\/circulareconomyhotspotbudapest.com\/wp-content\/uploads\/2026\/04\/4-36x36.png 36w, https:\/\/circulareconomyhotspotbudapest.com\/wp-content\/uploads\/2026\/04\/4-180x180.png 180w, https:\/\/circulareconomyhotspotbudapest.com\/wp-content\/uploads\/2026\/04\/4-705x705.png 705w, https:\/\/circulareconomyhotspotbudapest.com\/wp-content\/uploads\/2026\/04\/4-120x120.png 120w, https:\/\/circulareconomyhotspotbudapest.com\/wp-content\/uploads\/2026\/04\/4-450x450.png 450w, https:\/\/circulareconomyhotspotbudapest.com\/wp-content\/uploads\/2026\/04\/4-600x600.png 600w, https:\/\/circulareconomyhotspotbudapest.com\/wp-content\/uploads\/2026\/04\/4-100x100.png 100w, https:\/\/circulareconomyhotspotbudapest.com\/wp-content\/uploads\/2026\/04\/4.png 1000w\" sizes=\"(max-width: 300px) 100vw, 300px\" \/><\/a><div class='grid-content'><div class='avia-arrow'><\/div><header class=\"entry-content-header\" aria-label=\"Portfolio: Attila Chik\u00e1n Jr.\"><h3 class='grid-entry-title entry-title'  itemprop=\"headline\" ><a href='https:\/\/circulareconomyhotspotbudapest.com\/hu\/speaker\/chikan-attila\/' title='Ifjabb Chik\u00e1n Attila'>Ifjabb Chik\u00e1n Attila<\/a><\/h3><\/header><div class='grid-entry-excerpt entry-content'  itemprop=\"text\" >Eln\u00f6k-vez\u00e9rigazgat\u00f3 <br> ALTEO Nyrt.\n<\/div><\/div><footer class=\"entry-footer\"><\/footer><\/article><\/div><div data-ajax-id='1182' class='grid-entry flex_column isotope-item all_sort no_margin post-entry post-entry-1182 grid-entry-overview grid-loop-8 grid-parity-even  circular-economy_sort  av_one_fourth  default_av_fullwidth'><article class='main_color inner-entry'  itemscope=\"itemscope\" itemtype=\"https:\/\/schema.org\/CreativeWork\" ><a href=\"https:\/\/circulareconomyhotspotbudapest.com\/hu\/speaker\/cseh-balazs\/\" title='Cseh Bal\u00e1zs'  data-rel='grid-1' class='grid-image avia-hover-fx'> <img decoding=\"async\" fetchpriority=\"high\" width=\"300\" height=\"300\" src=\"https:\/\/circulareconomyhotspotbudapest.com\/wp-content\/uploads\/2026\/04\/Hotspot-Portrek-16-300x300.png\" class=\"wp-image-1183 avia-img-lazy-loading-not-1183 attachment-medium size-medium wp-post-image\" alt=\"\" srcset=\"https:\/\/circulareconomyhotspotbudapest.com\/wp-content\/uploads\/2026\/04\/Hotspot-Portrek-16-300x300.png 300w, https:\/\/circulareconomyhotspotbudapest.com\/wp-content\/uploads\/2026\/04\/Hotspot-Portrek-16-80x80.png 80w, https:\/\/circulareconomyhotspotbudapest.com\/wp-content\/uploads\/2026\/04\/Hotspot-Portrek-16-768x768.png 768w, https:\/\/circulareconomyhotspotbudapest.com\/wp-content\/uploads\/2026\/04\/Hotspot-Portrek-16-12x12.png 12w, https:\/\/circulareconomyhotspotbudapest.com\/wp-content\/uploads\/2026\/04\/Hotspot-Portrek-16-36x36.png 36w, https:\/\/circulareconomyhotspotbudapest.com\/wp-content\/uploads\/2026\/04\/Hotspot-Portrek-16-180x180.png 180w, https:\/\/circulareconomyhotspotbudapest.com\/wp-content\/uploads\/2026\/04\/Hotspot-Portrek-16-705x705.png 705w, https:\/\/circulareconomyhotspotbudapest.com\/wp-content\/uploads\/2026\/04\/Hotspot-Portrek-16-120x120.png 120w, https:\/\/circulareconomyhotspotbudapest.com\/wp-content\/uploads\/2026\/04\/Hotspot-Portrek-16-450x450.png 450w, https:\/\/circulareconomyhotspotbudapest.com\/wp-content\/uploads\/2026\/04\/Hotspot-Portrek-16-600x600.png 600w, https:\/\/circulareconomyhotspotbudapest.com\/wp-content\/uploads\/2026\/04\/Hotspot-Portrek-16-100x100.png 100w, https:\/\/circulareconomyhotspotbudapest.com\/wp-content\/uploads\/2026\/04\/Hotspot-Portrek-16.png 1000w\" sizes=\"(max-width: 300px) 100vw, 300px\" \/><\/a><div class='grid-content'><div class='avia-arrow'><\/div><header class=\"entry-content-header\" aria-label=\"Portfolio: Bal\u00e1zs Cseh\"><h3 class='grid-entry-title entry-title'  itemprop=\"headline\" ><a href='https:\/\/circulareconomyhotspotbudapest.com\/hu\/speaker\/cseh-balazs\/' title='Cseh Bal\u00e1zs'>Cseh Bal\u00e1zs<\/a><\/h3><\/header><div class='grid-entry-excerpt entry-content'  itemprop=\"text\" >Eln\u00f6k, Magyar \u00c9lelmiszerbank Egyes\u00fclet<br>Vezet\u0151 h\u00e1l\u00f3zatfejleszt\u00e9si tan\u00e1csad\u00f3, Eur\u00f3pai \u00c9lelmiszerbankok Sz\u00f6vets\u00e9ge<\/div><\/div><footer class=\"entry-footer\"><\/footer><\/article><\/div><div data-ajax-id='971' class='grid-entry flex_column isotope-item all_sort no_margin post-entry post-entry-971 grid-entry-overview grid-loop-9 grid-parity-odd  circular-economy_sort  av_one_fourth first default_av_fullwidth'><article class='main_color inner-entry'  itemscope=\"itemscope\" itemtype=\"https:\/\/schema.org\/CreativeWork\" ><a href=\"https:\/\/circulareconomyhotspotbudapest.com\/hu\/speaker\/drewell-quentin\/\" title='Quentin Drewell'  data-rel='grid-1' class='grid-image avia-hover-fx'> <img decoding=\"async\" fetchpriority=\"high\" width=\"300\" height=\"300\" src=\"https:\/\/circulareconomyhotspotbudapest.com\/wp-content\/uploads\/2026\/04\/Hotspot-Portrek-11-300x300.png\" class=\"wp-image-972 avia-img-lazy-loading-not-972 attachment-medium size-medium wp-post-image\" alt=\"\" srcset=\"https:\/\/circulareconomyhotspotbudapest.com\/wp-content\/uploads\/2026\/04\/Hotspot-Portrek-11-300x300.png 300w, https:\/\/circulareconomyhotspotbudapest.com\/wp-content\/uploads\/2026\/04\/Hotspot-Portrek-11-80x80.png 80w, https:\/\/circulareconomyhotspotbudapest.com\/wp-content\/uploads\/2026\/04\/Hotspot-Portrek-11-768x768.png 768w, https:\/\/circulareconomyhotspotbudapest.com\/wp-content\/uploads\/2026\/04\/Hotspot-Portrek-11-12x12.png 12w, https:\/\/circulareconomyhotspotbudapest.com\/wp-content\/uploads\/2026\/04\/Hotspot-Portrek-11-36x36.png 36w, https:\/\/circulareconomyhotspotbudapest.com\/wp-content\/uploads\/2026\/04\/Hotspot-Portrek-11-180x180.png 180w, https:\/\/circulareconomyhotspotbudapest.com\/wp-content\/uploads\/2026\/04\/Hotspot-Portrek-11-705x705.png 705w, https:\/\/circulareconomyhotspotbudapest.com\/wp-content\/uploads\/2026\/04\/Hotspot-Portrek-11-120x120.png 120w, https:\/\/circulareconomyhotspotbudapest.com\/wp-content\/uploads\/2026\/04\/Hotspot-Portrek-11-450x450.png 450w, https:\/\/circulareconomyhotspotbudapest.com\/wp-content\/uploads\/2026\/04\/Hotspot-Portrek-11-600x600.png 600w, https:\/\/circulareconomyhotspotbudapest.com\/wp-content\/uploads\/2026\/04\/Hotspot-Portrek-11-100x100.png 100w, https:\/\/circulareconomyhotspotbudapest.com\/wp-content\/uploads\/2026\/04\/Hotspot-Portrek-11.png 1000w\" sizes=\"(max-width: 300px) 100vw, 300px\" \/><\/a><div class='grid-content'><div class='avia-arrow'><\/div><header class=\"entry-content-header\" aria-label=\"Portfolio: Quentin Drewell\"><h3 class='grid-entry-title entry-title'  itemprop=\"headline\" ><a href='https:\/\/circulareconomyhotspotbudapest.com\/hu\/speaker\/drewell-quentin\/' title='Quentin Drewell'>Quentin Drewell<\/a><\/h3><\/header><div class='grid-entry-excerpt entry-content'  itemprop=\"text\" >Senior Igazgat\u00f3<br>Term\u00e9kek \u00e9s anyagok<br>\u00dczleti Vil\u00e1gtan\u00e1cs a Fenntarthat\u00f3 Fejl\u0151d\u00e9s\u00e9rt<\/div><\/div><footer class=\"entry-footer\"><\/footer><\/article><\/div><div data-ajax-id='932' class='grid-entry flex_column isotope-item all_sort no_margin post-entry post-entry-932 grid-entry-overview grid-loop-10 grid-parity-even  circular-economy_sort  av_one_fourth  default_av_fullwidth'><article class='main_color inner-entry'  itemscope=\"itemscope\" itemtype=\"https:\/\/schema.org\/CreativeWork\" ><a href=\"https:\/\/circulareconomyhotspotbudapest.com\/hu\/speaker\/fazekas-dora\/\" title='Dr. Fazekas D\u00f3ra'  data-rel='grid-1' class='grid-image avia-hover-fx'> <img decoding=\"async\" fetchpriority=\"high\" width=\"300\" height=\"300\" src=\"https:\/\/circulareconomyhotspotbudapest.com\/wp-content\/uploads\/2026\/04\/8-300x300.png\" class=\"wp-image-838 avia-img-lazy-loading-not-838 attachment-medium size-medium wp-post-image\" alt=\"\" srcset=\"https:\/\/circulareconomyhotspotbudapest.com\/wp-content\/uploads\/2026\/04\/8-300x300.png 300w, https:\/\/circulareconomyhotspotbudapest.com\/wp-content\/uploads\/2026\/04\/8-80x80.png 80w, https:\/\/circulareconomyhotspotbudapest.com\/wp-content\/uploads\/2026\/04\/8-768x768.png 768w, https:\/\/circulareconomyhotspotbudapest.com\/wp-content\/uploads\/2026\/04\/8-12x12.png 12w, https:\/\/circulareconomyhotspotbudapest.com\/wp-content\/uploads\/2026\/04\/8-36x36.png 36w, https:\/\/circulareconomyhotspotbudapest.com\/wp-content\/uploads\/2026\/04\/8-180x180.png 180w, https:\/\/circulareconomyhotspotbudapest.com\/wp-content\/uploads\/2026\/04\/8-705x705.png 705w, https:\/\/circulareconomyhotspotbudapest.com\/wp-content\/uploads\/2026\/04\/8-120x120.png 120w, https:\/\/circulareconomyhotspotbudapest.com\/wp-content\/uploads\/2026\/04\/8-450x450.png 450w, https:\/\/circulareconomyhotspotbudapest.com\/wp-content\/uploads\/2026\/04\/8-600x600.png 600w, https:\/\/circulareconomyhotspotbudapest.com\/wp-content\/uploads\/2026\/04\/8-100x100.png 100w, https:\/\/circulareconomyhotspotbudapest.com\/wp-content\/uploads\/2026\/04\/8.png 1000w\" sizes=\"(max-width: 300px) 100vw, 300px\" \/><\/a><div class='grid-content'><div class='avia-arrow'><\/div><header class=\"entry-content-header\" aria-label=\"Portfolio: Dr. D\u00f3ra Fazekas\"><h3 class='grid-entry-title entry-title'  itemprop=\"headline\" ><a href='https:\/\/circulareconomyhotspotbudapest.com\/hu\/speaker\/fazekas-dora\/' title='Dr. Fazekas D\u00f3ra'>Dr. Fazekas D\u00f3ra<\/a><\/h3><\/header><div class='grid-entry-excerpt entry-content'  itemprop=\"text\" >Igazgat\u00f3<br>\nCambridge Econometrics<\/div><\/div><footer class=\"entry-footer\"><\/footer><\/article><\/div><div data-ajax-id='959' class='grid-entry flex_column isotope-item all_sort no_margin post-entry post-entry-959 grid-entry-overview grid-loop-11 grid-parity-odd  circular-economy_sort  av_one_fourth  default_av_fullwidth'><article class='main_color inner-entry'  itemscope=\"itemscope\" itemtype=\"https:\/\/schema.org\/CreativeWork\" ><a href=\"https:\/\/circulareconomyhotspotbudapest.com\/hu\/speaker\/fekete-gyorgy\/\" title='Dr. Fekete Gy\u00f6rgy'  data-rel='grid-1' class='grid-image avia-hover-fx'> <img decoding=\"async\" fetchpriority=\"high\" width=\"300\" height=\"300\" src=\"https:\/\/circulareconomyhotspotbudapest.com\/wp-content\/uploads\/2026\/04\/Hotspot-Portrek-9-300x300.png\" class=\"wp-image-960 avia-img-lazy-loading-not-960 attachment-medium size-medium wp-post-image\" alt=\"\" srcset=\"https:\/\/circulareconomyhotspotbudapest.com\/wp-content\/uploads\/2026\/04\/Hotspot-Portrek-9-300x300.png 300w, https:\/\/circulareconomyhotspotbudapest.com\/wp-content\/uploads\/2026\/04\/Hotspot-Portrek-9-80x80.png 80w, https:\/\/circulareconomyhotspotbudapest.com\/wp-content\/uploads\/2026\/04\/Hotspot-Portrek-9-768x768.png 768w, https:\/\/circulareconomyhotspotbudapest.com\/wp-content\/uploads\/2026\/04\/Hotspot-Portrek-9-12x12.png 12w, https:\/\/circulareconomyhotspotbudapest.com\/wp-content\/uploads\/2026\/04\/Hotspot-Portrek-9-36x36.png 36w, https:\/\/circulareconomyhotspotbudapest.com\/wp-content\/uploads\/2026\/04\/Hotspot-Portrek-9-180x180.png 180w, https:\/\/circulareconomyhotspotbudapest.com\/wp-content\/uploads\/2026\/04\/Hotspot-Portrek-9-705x705.png 705w, https:\/\/circulareconomyhotspotbudapest.com\/wp-content\/uploads\/2026\/04\/Hotspot-Portrek-9-120x120.png 120w, https:\/\/circulareconomyhotspotbudapest.com\/wp-content\/uploads\/2026\/04\/Hotspot-Portrek-9-450x450.png 450w, https:\/\/circulareconomyhotspotbudapest.com\/wp-content\/uploads\/2026\/04\/Hotspot-Portrek-9-600x600.png 600w, https:\/\/circulareconomyhotspotbudapest.com\/wp-content\/uploads\/2026\/04\/Hotspot-Portrek-9-100x100.png 100w, https:\/\/circulareconomyhotspotbudapest.com\/wp-content\/uploads\/2026\/04\/Hotspot-Portrek-9.png 1000w\" sizes=\"(max-width: 300px) 100vw, 300px\" \/><\/a><div class='grid-content'><div class='avia-arrow'><\/div><header class=\"entry-content-header\" aria-label=\"Portfolio: Gy\u00f6rgy Fekete PhD\"><h3 class='grid-entry-title entry-title'  itemprop=\"headline\" ><a href='https:\/\/circulareconomyhotspotbudapest.com\/hu\/speaker\/fekete-gyorgy\/' title='Dr. Fekete Gy\u00f6rgy'>Dr. Fekete Gy\u00f6rgy<\/a><\/h3><\/header><div class='grid-entry-excerpt entry-content'  itemprop=\"text\" >Vezet\u0151, K\u00f6rforg\u00e1sos Gazdas\u00e1g Elemz\u0151 K\u00f6zpont<br>MATE<\/div><\/div><footer class=\"entry-footer\"><\/footer><\/article><\/div><div data-ajax-id='802' class='grid-entry flex_column isotope-item all_sort no_margin post-entry post-entry-802 grid-entry-overview grid-loop-12 grid-parity-even  circular-economy_sort  av_one_fourth  default_av_fullwidth'><article class='main_color inner-entry'  itemscope=\"itemscope\" itemtype=\"https:\/\/schema.org\/CreativeWork\" ><a href=\"https:\/\/circulareconomyhotspotbudapest.com\/hu\/speaker\/kasza-dora\/\" title='Kasza D\u00f3ra'  data-rel='grid-1' class='grid-image avia-hover-fx'> <img decoding=\"async\" fetchpriority=\"high\" width=\"300\" height=\"300\" src=\"https:\/\/circulareconomyhotspotbudapest.com\/wp-content\/uploads\/2026\/04\/9-300x300.png\" class=\"wp-image-840 avia-img-lazy-loading-not-840 attachment-medium size-medium wp-post-image\" alt=\"\" srcset=\"https:\/\/circulareconomyhotspotbudapest.com\/wp-content\/uploads\/2026\/04\/9-300x300.png 300w, https:\/\/circulareconomyhotspotbudapest.com\/wp-content\/uploads\/2026\/04\/9-80x80.png 80w, https:\/\/circulareconomyhotspotbudapest.com\/wp-content\/uploads\/2026\/04\/9-768x768.png 768w, https:\/\/circulareconomyhotspotbudapest.com\/wp-content\/uploads\/2026\/04\/9-12x12.png 12w, https:\/\/circulareconomyhotspotbudapest.com\/wp-content\/uploads\/2026\/04\/9-36x36.png 36w, https:\/\/circulareconomyhotspotbudapest.com\/wp-content\/uploads\/2026\/04\/9-180x180.png 180w, https:\/\/circulareconomyhotspotbudapest.com\/wp-content\/uploads\/2026\/04\/9-705x705.png 705w, https:\/\/circulareconomyhotspotbudapest.com\/wp-content\/uploads\/2026\/04\/9-120x120.png 120w, https:\/\/circulareconomyhotspotbudapest.com\/wp-content\/uploads\/2026\/04\/9-450x450.png 450w, https:\/\/circulareconomyhotspotbudapest.com\/wp-content\/uploads\/2026\/04\/9-600x600.png 600w, https:\/\/circulareconomyhotspotbudapest.com\/wp-content\/uploads\/2026\/04\/9-100x100.png 100w, https:\/\/circulareconomyhotspotbudapest.com\/wp-content\/uploads\/2026\/04\/9.png 1000w\" sizes=\"(max-width: 300px) 100vw, 300px\" \/><\/a><div class='grid-content'><div class='avia-arrow'><\/div><header class=\"entry-content-header\" aria-label=\"Portfolio: D\u00f3ra Kasza\"><h3 class='grid-entry-title entry-title'  itemprop=\"headline\" ><a href='https:\/\/circulareconomyhotspotbudapest.com\/hu\/speaker\/kasza-dora\/' title='Kasza D\u00f3ra'>Kasza D\u00f3ra<\/a><\/h3><\/header><div class='grid-entry-excerpt entry-content'  itemprop=\"text\" >Strat\u00e9giai Igazgat\u00f3<br>J\u00e1sz-Plasztik Kft.<\/div><\/div><footer class=\"entry-footer\"><\/footer><\/article><\/div><div data-ajax-id='1163' class='grid-entry flex_column isotope-item all_sort no_margin post-entry post-entry-1163 grid-entry-overview grid-loop-13 grid-parity-odd  circular-economy_sort  av_one_fourth first default_av_fullwidth'><article class='main_color inner-entry'  itemscope=\"itemscope\" itemtype=\"https:\/\/schema.org\/CreativeWork\" ><a href=\"https:\/\/circulareconomyhotspotbudapest.com\/hu\/speaker\/kocsany-janos\/\" title='Kocs\u00e1ny J\u00e1nos'  data-rel='grid-1' class='grid-image avia-hover-fx'> <img decoding=\"async\" fetchpriority=\"high\" width=\"300\" height=\"300\" src=\"https:\/\/circulareconomyhotspotbudapest.com\/wp-content\/uploads\/2026\/04\/Hotspot-Portrek-15-300x300.png\" class=\"wp-image-1162 avia-img-lazy-loading-not-1162 attachment-medium size-medium wp-post-image\" alt=\"\" srcset=\"https:\/\/circulareconomyhotspotbudapest.com\/wp-content\/uploads\/2026\/04\/Hotspot-Portrek-15-300x300.png 300w, https:\/\/circulareconomyhotspotbudapest.com\/wp-content\/uploads\/2026\/04\/Hotspot-Portrek-15-80x80.png 80w, https:\/\/circulareconomyhotspotbudapest.com\/wp-content\/uploads\/2026\/04\/Hotspot-Portrek-15-768x768.png 768w, https:\/\/circulareconomyhotspotbudapest.com\/wp-content\/uploads\/2026\/04\/Hotspot-Portrek-15-12x12.png 12w, https:\/\/circulareconomyhotspotbudapest.com\/wp-content\/uploads\/2026\/04\/Hotspot-Portrek-15-36x36.png 36w, https:\/\/circulareconomyhotspotbudapest.com\/wp-content\/uploads\/2026\/04\/Hotspot-Portrek-15-180x180.png 180w, https:\/\/circulareconomyhotspotbudapest.com\/wp-content\/uploads\/2026\/04\/Hotspot-Portrek-15-705x705.png 705w, https:\/\/circulareconomyhotspotbudapest.com\/wp-content\/uploads\/2026\/04\/Hotspot-Portrek-15-120x120.png 120w, https:\/\/circulareconomyhotspotbudapest.com\/wp-content\/uploads\/2026\/04\/Hotspot-Portrek-15-450x450.png 450w, https:\/\/circulareconomyhotspotbudapest.com\/wp-content\/uploads\/2026\/04\/Hotspot-Portrek-15-600x600.png 600w, https:\/\/circulareconomyhotspotbudapest.com\/wp-content\/uploads\/2026\/04\/Hotspot-Portrek-15-100x100.png 100w, https:\/\/circulareconomyhotspotbudapest.com\/wp-content\/uploads\/2026\/04\/Hotspot-Portrek-15.png 1000w\" sizes=\"(max-width: 300px) 100vw, 300px\" \/><\/a><div class='grid-content'><div class='avia-arrow'><\/div><header class=\"entry-content-header\" aria-label=\"Portfolio: J\u00e1nos Kocs\u00e1ny\"><h3 class='grid-entry-title entry-title'  itemprop=\"headline\" ><a href='https:\/\/circulareconomyhotspotbudapest.com\/hu\/speaker\/kocsany-janos\/' title='Kocs\u00e1ny J\u00e1nos'>Kocs\u00e1ny J\u00e1nos<\/a><\/h3><\/header><div class='grid-entry-excerpt entry-content'  itemprop=\"text\" >IT tag<br>Graphisoft Park SE<\/div><\/div><footer class=\"entry-footer\"><\/footer><\/article><\/div><div data-ajax-id='648' class='grid-entry flex_column isotope-item all_sort no_margin post-entry post-entry-648 grid-entry-overview grid-loop-14 grid-parity-even  circular-economy_sort  av_one_fourth  default_av_fullwidth'><article class='main_color inner-entry'  itemscope=\"itemscope\" itemtype=\"https:\/\/schema.org\/CreativeWork\" ><a href=\"https:\/\/circulareconomyhotspotbudapest.com\/hu\/speaker\/koves-alexandra\/\" title='Dr. K\u00f6ves Alexandra'  data-rel='grid-1' class='grid-image avia-hover-fx'> <img decoding=\"async\" fetchpriority=\"high\" width=\"300\" height=\"300\" src=\"https:\/\/circulareconomyhotspotbudapest.com\/wp-content\/uploads\/2026\/04\/Hotspot-Portrek-3-1-300x300.png\" class=\"wp-image-904 avia-img-lazy-loading-not-904 attachment-medium size-medium wp-post-image\" alt=\"\" srcset=\"https:\/\/circulareconomyhotspotbudapest.com\/wp-content\/uploads\/2026\/04\/Hotspot-Portrek-3-1-300x300.png 300w, https:\/\/circulareconomyhotspotbudapest.com\/wp-content\/uploads\/2026\/04\/Hotspot-Portrek-3-1-80x80.png 80w, https:\/\/circulareconomyhotspotbudapest.com\/wp-content\/uploads\/2026\/04\/Hotspot-Portrek-3-1-768x768.png 768w, https:\/\/circulareconomyhotspotbudapest.com\/wp-content\/uploads\/2026\/04\/Hotspot-Portrek-3-1-12x12.png 12w, https:\/\/circulareconomyhotspotbudapest.com\/wp-content\/uploads\/2026\/04\/Hotspot-Portrek-3-1-36x36.png 36w, https:\/\/circulareconomyhotspotbudapest.com\/wp-content\/uploads\/2026\/04\/Hotspot-Portrek-3-1-180x180.png 180w, https:\/\/circulareconomyhotspotbudapest.com\/wp-content\/uploads\/2026\/04\/Hotspot-Portrek-3-1-705x705.png 705w, https:\/\/circulareconomyhotspotbudapest.com\/wp-content\/uploads\/2026\/04\/Hotspot-Portrek-3-1-120x120.png 120w, https:\/\/circulareconomyhotspotbudapest.com\/wp-content\/uploads\/2026\/04\/Hotspot-Portrek-3-1-450x450.png 450w, https:\/\/circulareconomyhotspotbudapest.com\/wp-content\/uploads\/2026\/04\/Hotspot-Portrek-3-1-600x600.png 600w, https:\/\/circulareconomyhotspotbudapest.com\/wp-content\/uploads\/2026\/04\/Hotspot-Portrek-3-1-100x100.png 100w, https:\/\/circulareconomyhotspotbudapest.com\/wp-content\/uploads\/2026\/04\/Hotspot-Portrek-3-1.png 1000w\" sizes=\"(max-width: 300px) 100vw, 300px\" \/><\/a><div class='grid-content'><div class='avia-arrow'><\/div><header class=\"entry-content-header\" aria-label=\"Portfolio: Dr. Alexandra K\u00f6ves\"><h3 class='grid-entry-title entry-title'  itemprop=\"headline\" ><a href='https:\/\/circulareconomyhotspotbudapest.com\/hu\/speaker\/koves-alexandra\/' title='Dr. K\u00f6ves Alexandra'>Dr. K\u00f6ves Alexandra<\/a><\/h3><\/header><div class='grid-entry-excerpt entry-content'  itemprop=\"text\" >Egyetemi docens<br>\nBudapesti Corvinus Egyetem<\/div><\/div><footer class=\"entry-footer\"><\/footer><\/article><\/div><div data-ajax-id='1013' class='grid-entry flex_column isotope-item all_sort no_margin post-entry post-entry-1013 grid-entry-overview grid-loop-15 grid-parity-odd  circular-economy_sort  av_one_fourth  default_av_fullwidth'><article class='main_color inner-entry'  itemscope=\"itemscope\" itemtype=\"https:\/\/schema.org\/CreativeWork\" ><a href=\"https:\/\/circulareconomyhotspotbudapest.com\/hu\/speaker\/livjak-csaba\/\" title='Livj\u00e1k Csaba'  data-rel='grid-1' class='grid-image avia-hover-fx'> <img decoding=\"async\" fetchpriority=\"high\" width=\"300\" height=\"300\" src=\"https:\/\/circulareconomyhotspotbudapest.com\/wp-content\/uploads\/2026\/04\/Hotspot-Portrek-14-300x300.png\" class=\"wp-image-1014 avia-img-lazy-loading-not-1014 attachment-medium size-medium wp-post-image\" alt=\"\" srcset=\"https:\/\/circulareconomyhotspotbudapest.com\/wp-content\/uploads\/2026\/04\/Hotspot-Portrek-14-300x300.png 300w, https:\/\/circulareconomyhotspotbudapest.com\/wp-content\/uploads\/2026\/04\/Hotspot-Portrek-14-80x80.png 80w, https:\/\/circulareconomyhotspotbudapest.com\/wp-content\/uploads\/2026\/04\/Hotspot-Portrek-14-768x768.png 768w, https:\/\/circulareconomyhotspotbudapest.com\/wp-content\/uploads\/2026\/04\/Hotspot-Portrek-14-12x12.png 12w, https:\/\/circulareconomyhotspotbudapest.com\/wp-content\/uploads\/2026\/04\/Hotspot-Portrek-14-36x36.png 36w, https:\/\/circulareconomyhotspotbudapest.com\/wp-content\/uploads\/2026\/04\/Hotspot-Portrek-14-180x180.png 180w, https:\/\/circulareconomyhotspotbudapest.com\/wp-content\/uploads\/2026\/04\/Hotspot-Portrek-14-705x705.png 705w, https:\/\/circulareconomyhotspotbudapest.com\/wp-content\/uploads\/2026\/04\/Hotspot-Portrek-14-120x120.png 120w, https:\/\/circulareconomyhotspotbudapest.com\/wp-content\/uploads\/2026\/04\/Hotspot-Portrek-14-450x450.png 450w, https:\/\/circulareconomyhotspotbudapest.com\/wp-content\/uploads\/2026\/04\/Hotspot-Portrek-14-600x600.png 600w, https:\/\/circulareconomyhotspotbudapest.com\/wp-content\/uploads\/2026\/04\/Hotspot-Portrek-14-100x100.png 100w, https:\/\/circulareconomyhotspotbudapest.com\/wp-content\/uploads\/2026\/04\/Hotspot-Portrek-14.png 1000w\" sizes=\"(max-width: 300px) 100vw, 300px\" \/><\/a><div class='grid-content'><div class='avia-arrow'><\/div><header class=\"entry-content-header\" aria-label=\"Portfolio: Csaba Livj\u00e1k\"><h3 class='grid-entry-title entry-title'  itemprop=\"headline\" ><a href='https:\/\/circulareconomyhotspotbudapest.com\/hu\/speaker\/livjak-csaba\/' title='Livj\u00e1k Csaba'>Livj\u00e1k Csaba<\/a><\/h3><\/header><div class='grid-entry-excerpt entry-content'  itemprop=\"text\" >Alap\u00edt\u00f3, \u00fcgyvezet\u0151<br>BuildEXT Kft.<\/div><\/div><footer class=\"entry-footer\"><\/footer><\/article><\/div><div data-ajax-id='938' class='grid-entry flex_column isotope-item all_sort no_margin post-entry post-entry-938 grid-entry-overview grid-loop-16 grid-parity-even  circular-economy_sort  av_one_fourth  default_av_fullwidth'><article class='main_color inner-entry'  itemscope=\"itemscope\" itemtype=\"https:\/\/schema.org\/CreativeWork\" ><a href=\"https:\/\/circulareconomyhotspotbudapest.com\/hu\/speaker\/marta-iren\/\" title='M\u00e1rta Ir\u00e9n,'  data-rel='grid-1' class='grid-image avia-hover-fx'> <img decoding=\"async\" fetchpriority=\"high\" width=\"300\" height=\"300\" src=\"https:\/\/circulareconomyhotspotbudapest.com\/wp-content\/uploads\/2026\/04\/Hotspot-Portrek-8-300x300.png\" class=\"wp-image-939 avia-img-lazy-loading-not-939 attachment-medium size-medium wp-post-image\" alt=\"\" srcset=\"https:\/\/circulareconomyhotspotbudapest.com\/wp-content\/uploads\/2026\/04\/Hotspot-Portrek-8-300x300.png 300w, https:\/\/circulareconomyhotspotbudapest.com\/wp-content\/uploads\/2026\/04\/Hotspot-Portrek-8-80x80.png 80w, https:\/\/circulareconomyhotspotbudapest.com\/wp-content\/uploads\/2026\/04\/Hotspot-Portrek-8-768x768.png 768w, https:\/\/circulareconomyhotspotbudapest.com\/wp-content\/uploads\/2026\/04\/Hotspot-Portrek-8-12x12.png 12w, https:\/\/circulareconomyhotspotbudapest.com\/wp-content\/uploads\/2026\/04\/Hotspot-Portrek-8-36x36.png 36w, https:\/\/circulareconomyhotspotbudapest.com\/wp-content\/uploads\/2026\/04\/Hotspot-Portrek-8-180x180.png 180w, https:\/\/circulareconomyhotspotbudapest.com\/wp-content\/uploads\/2026\/04\/Hotspot-Portrek-8-705x705.png 705w, https:\/\/circulareconomyhotspotbudapest.com\/wp-content\/uploads\/2026\/04\/Hotspot-Portrek-8-120x120.png 120w, https:\/\/circulareconomyhotspotbudapest.com\/wp-content\/uploads\/2026\/04\/Hotspot-Portrek-8-450x450.png 450w, https:\/\/circulareconomyhotspotbudapest.com\/wp-content\/uploads\/2026\/04\/Hotspot-Portrek-8-600x600.png 600w, https:\/\/circulareconomyhotspotbudapest.com\/wp-content\/uploads\/2026\/04\/Hotspot-Portrek-8-100x100.png 100w, https:\/\/circulareconomyhotspotbudapest.com\/wp-content\/uploads\/2026\/04\/Hotspot-Portrek-8.png 1000w\" sizes=\"(max-width: 300px) 100vw, 300px\" \/><\/a><div class='grid-content'><div class='avia-arrow'><\/div><header class=\"entry-content-header\" aria-label=\"Portfolio: Ir\u00e9n M\u00e1rta\"><h3 class='grid-entry-title entry-title'  itemprop=\"headline\" ><a href='https:\/\/circulareconomyhotspotbudapest.com\/hu\/speaker\/marta-iren\/' title='M\u00e1rta Ir\u00e9n,'>M\u00e1rta Ir\u00e9n,<\/a><\/h3><\/header><div class='grid-entry-excerpt entry-content'  itemprop=\"text\" >\u00dcgyvezet\u0151 igazgat\u00f3<br>Magyarorsz\u00e1gi \u00dczleti Tan\u00e1cs a Fenntarthat\u00f3 Fejl\u0151d\u00e9s\u00e9rt<\/div><\/div><footer class=\"entry-footer\"><\/footer><\/article><\/div><div data-ajax-id='662' class='grid-entry flex_column isotope-item all_sort no_margin post-entry post-entry-662 grid-entry-overview grid-loop-17 grid-parity-odd  circular-economy_sort  av_one_fourth first default_av_fullwidth'><article class='main_color inner-entry'  itemscope=\"itemscope\" itemtype=\"https:\/\/schema.org\/CreativeWork\" ><a href=\"https:\/\/circulareconomyhotspotbudapest.com\/hu\/speaker\/peter-noszek\/\" title='Noszek P\u00e9ter'  data-rel='grid-1' class='grid-image avia-hover-fx'> <img decoding=\"async\" fetchpriority=\"high\" width=\"300\" height=\"300\" src=\"https:\/\/circulareconomyhotspotbudapest.com\/wp-content\/uploads\/2026\/04\/10-300x300.png\" class=\"wp-image-841 avia-img-lazy-loading-not-841 attachment-medium size-medium wp-post-image\" alt=\"\" srcset=\"https:\/\/circulareconomyhotspotbudapest.com\/wp-content\/uploads\/2026\/04\/10-300x300.png 300w, https:\/\/circulareconomyhotspotbudapest.com\/wp-content\/uploads\/2026\/04\/10-80x80.png 80w, https:\/\/circulareconomyhotspotbudapest.com\/wp-content\/uploads\/2026\/04\/10-768x768.png 768w, https:\/\/circulareconomyhotspotbudapest.com\/wp-content\/uploads\/2026\/04\/10-12x12.png 12w, https:\/\/circulareconomyhotspotbudapest.com\/wp-content\/uploads\/2026\/04\/10-36x36.png 36w, https:\/\/circulareconomyhotspotbudapest.com\/wp-content\/uploads\/2026\/04\/10-180x180.png 180w, https:\/\/circulareconomyhotspotbudapest.com\/wp-content\/uploads\/2026\/04\/10-705x705.png 705w, https:\/\/circulareconomyhotspotbudapest.com\/wp-content\/uploads\/2026\/04\/10-120x120.png 120w, https:\/\/circulareconomyhotspotbudapest.com\/wp-content\/uploads\/2026\/04\/10-450x450.png 450w, https:\/\/circulareconomyhotspotbudapest.com\/wp-content\/uploads\/2026\/04\/10-600x600.png 600w, https:\/\/circulareconomyhotspotbudapest.com\/wp-content\/uploads\/2026\/04\/10-100x100.png 100w, https:\/\/circulareconomyhotspotbudapest.com\/wp-content\/uploads\/2026\/04\/10.png 1000w\" sizes=\"(max-width: 300px) 100vw, 300px\" \/><\/a><div class='grid-content'><div class='avia-arrow'><\/div><header class=\"entry-content-header\" aria-label=\"Portfolio: P\u00e9ter Noszek\"><h3 class='grid-entry-title entry-title'  itemprop=\"headline\" ><a href='https:\/\/circulareconomyhotspotbudapest.com\/hu\/speaker\/peter-noszek\/' title='Noszek P\u00e9ter'>Noszek P\u00e9ter<\/a><\/h3><\/header><div class='grid-entry-excerpt entry-content'  itemprop=\"text\" >\u00dcgyvezet\u0151 igazgat\u00f3<br>\nNestl\u00e9 Hung\u00e1ria Kft.<\/div><\/div><footer class=\"entry-footer\"><\/footer><\/article><\/div><div data-ajax-id='767' class='grid-entry flex_column isotope-item all_sort no_margin post-entry post-entry-767 grid-entry-overview grid-loop-18 grid-parity-even  circular-economy_sort  av_one_fourth  default_av_fullwidth'><article class='main_color inner-entry'  itemscope=\"itemscope\" itemtype=\"https:\/\/schema.org\/CreativeWork\" ><a href=\"https:\/\/circulareconomyhotspotbudapest.com\/hu\/speaker\/potocnik-janez\/\" title='Janez\u00a0Poto\u010dnik'  data-rel='grid-1' class='grid-image avia-hover-fx'> <img decoding=\"async\" fetchpriority=\"high\" width=\"300\" height=\"300\" src=\"https:\/\/circulareconomyhotspotbudapest.com\/wp-content\/uploads\/2026\/04\/3-1-300x300.png\" class=\"wp-image-833 avia-img-lazy-loading-not-833 attachment-medium size-medium wp-post-image\" alt=\"\" srcset=\"https:\/\/circulareconomyhotspotbudapest.com\/wp-content\/uploads\/2026\/04\/3-1-300x300.png 300w, https:\/\/circulareconomyhotspotbudapest.com\/wp-content\/uploads\/2026\/04\/3-1-80x80.png 80w, https:\/\/circulareconomyhotspotbudapest.com\/wp-content\/uploads\/2026\/04\/3-1-768x768.png 768w, https:\/\/circulareconomyhotspotbudapest.com\/wp-content\/uploads\/2026\/04\/3-1-12x12.png 12w, https:\/\/circulareconomyhotspotbudapest.com\/wp-content\/uploads\/2026\/04\/3-1-36x36.png 36w, https:\/\/circulareconomyhotspotbudapest.com\/wp-content\/uploads\/2026\/04\/3-1-180x180.png 180w, https:\/\/circulareconomyhotspotbudapest.com\/wp-content\/uploads\/2026\/04\/3-1-705x705.png 705w, https:\/\/circulareconomyhotspotbudapest.com\/wp-content\/uploads\/2026\/04\/3-1-120x120.png 120w, https:\/\/circulareconomyhotspotbudapest.com\/wp-content\/uploads\/2026\/04\/3-1-450x450.png 450w, https:\/\/circulareconomyhotspotbudapest.com\/wp-content\/uploads\/2026\/04\/3-1-600x600.png 600w, https:\/\/circulareconomyhotspotbudapest.com\/wp-content\/uploads\/2026\/04\/3-1-100x100.png 100w, https:\/\/circulareconomyhotspotbudapest.com\/wp-content\/uploads\/2026\/04\/3-1.png 1000w\" sizes=\"(max-width: 300px) 100vw, 300px\" \/><\/a><div class='grid-content'><div class='avia-arrow'><\/div><header class=\"entry-content-header\" aria-label=\"Portfolio: Janez\u00a0Poto\u010dnik\"><h3 class='grid-entry-title entry-title'  itemprop=\"headline\" ><a href='https:\/\/circulareconomyhotspotbudapest.com\/hu\/speaker\/potocnik-janez\/' title='Janez\u00a0Poto\u010dnik'>Janez\u00a0Poto\u010dnik<\/a><\/h3><\/header><div class='grid-entry-excerpt entry-content'  itemprop=\"text\" >T\u00e1rseln\u00f6k<br>UNEP Nemzetk\u00f6zi Er\u0151forr\u00e1s Test\u00fclet<\/div><\/div><footer class=\"entry-footer\"><\/footer><\/article><\/div><div data-ajax-id='915' class='grid-entry flex_column isotope-item all_sort no_margin post-entry post-entry-915 grid-entry-overview grid-loop-19 grid-parity-odd  circular-economy_sort  av_one_fourth  default_av_fullwidth'><article class='main_color inner-entry'  itemscope=\"itemscope\" itemtype=\"https:\/\/schema.org\/CreativeWork\" ><a href=\"https:\/\/circulareconomyhotspotbudapest.com\/hu\/speaker\/runtag-tivadar\/\" title='Runt\u00e1g Tivadar'  data-rel='grid-1' class='grid-image avia-hover-fx'> <img decoding=\"async\" fetchpriority=\"high\" width=\"300\" height=\"300\" src=\"https:\/\/circulareconomyhotspotbudapest.com\/wp-content\/uploads\/2026\/04\/11-300x300.png\" class=\"wp-image-842 avia-img-lazy-loading-not-842 attachment-medium size-medium wp-post-image\" alt=\"\" srcset=\"https:\/\/circulareconomyhotspotbudapest.com\/wp-content\/uploads\/2026\/04\/11-300x300.png 300w, https:\/\/circulareconomyhotspotbudapest.com\/wp-content\/uploads\/2026\/04\/11-80x80.png 80w, https:\/\/circulareconomyhotspotbudapest.com\/wp-content\/uploads\/2026\/04\/11-768x768.png 768w, https:\/\/circulareconomyhotspotbudapest.com\/wp-content\/uploads\/2026\/04\/11-12x12.png 12w, https:\/\/circulareconomyhotspotbudapest.com\/wp-content\/uploads\/2026\/04\/11-36x36.png 36w, https:\/\/circulareconomyhotspotbudapest.com\/wp-content\/uploads\/2026\/04\/11-180x180.png 180w, https:\/\/circulareconomyhotspotbudapest.com\/wp-content\/uploads\/2026\/04\/11-705x705.png 705w, https:\/\/circulareconomyhotspotbudapest.com\/wp-content\/uploads\/2026\/04\/11-120x120.png 120w, https:\/\/circulareconomyhotspotbudapest.com\/wp-content\/uploads\/2026\/04\/11-450x450.png 450w, https:\/\/circulareconomyhotspotbudapest.com\/wp-content\/uploads\/2026\/04\/11-600x600.png 600w, https:\/\/circulareconomyhotspotbudapest.com\/wp-content\/uploads\/2026\/04\/11-100x100.png 100w, https:\/\/circulareconomyhotspotbudapest.com\/wp-content\/uploads\/2026\/04\/11.png 1000w\" sizes=\"(max-width: 300px) 100vw, 300px\" \/><\/a><div class='grid-content'><div class='avia-arrow'><\/div><header class=\"entry-content-header\" aria-label=\"Portfolio: Tivadar Runt\u00e1g\"><h3 class='grid-entry-title entry-title'  itemprop=\"headline\" ><a href='https:\/\/circulareconomyhotspotbudapest.com\/hu\/speaker\/runtag-tivadar\/' title='Runt\u00e1g Tivadar'>Runt\u00e1g Tivadar<\/a><\/h3><\/header><div class='grid-entry-excerpt entry-content'  itemprop=\"text\" >Strat\u00e9gia \u00e9s Fenntarthat\u00f3s\u00e1gi Igazgat\u00f3 \n<br>\nMOHU MOL Hullad\u00e9kgazd\u00e1lkod\u00e1si Zrt.\n<\/div><\/div><footer class=\"entry-footer\"><\/footer><\/article><\/div><div data-ajax-id='1010' class='grid-entry flex_column isotope-item all_sort no_margin post-entry post-entry-1010 grid-entry-overview grid-loop-20 grid-parity-even  circular-economy_sort  av_one_fourth  default_av_fullwidth'><article class='main_color inner-entry'  itemscope=\"itemscope\" itemtype=\"https:\/\/schema.org\/CreativeWork\" ><a href=\"https:\/\/circulareconomyhotspotbudapest.com\/hu\/speaker\/sandor-gergely\/\" title='S\u00e1ndor Gergely'  data-rel='grid-1' class='grid-image avia-hover-fx'> <img decoding=\"async\" fetchpriority=\"high\" width=\"300\" height=\"300\" src=\"https:\/\/circulareconomyhotspotbudapest.com\/wp-content\/uploads\/2026\/04\/Hotspot-Portrek-13-300x300.png\" class=\"wp-image-1011 avia-img-lazy-loading-not-1011 attachment-medium size-medium wp-post-image\" alt=\"\" srcset=\"https:\/\/circulareconomyhotspotbudapest.com\/wp-content\/uploads\/2026\/04\/Hotspot-Portrek-13-300x300.png 300w, https:\/\/circulareconomyhotspotbudapest.com\/wp-content\/uploads\/2026\/04\/Hotspot-Portrek-13-80x80.png 80w, https:\/\/circulareconomyhotspotbudapest.com\/wp-content\/uploads\/2026\/04\/Hotspot-Portrek-13-768x768.png 768w, https:\/\/circulareconomyhotspotbudapest.com\/wp-content\/uploads\/2026\/04\/Hotspot-Portrek-13-12x12.png 12w, https:\/\/circulareconomyhotspotbudapest.com\/wp-content\/uploads\/2026\/04\/Hotspot-Portrek-13-36x36.png 36w, https:\/\/circulareconomyhotspotbudapest.com\/wp-content\/uploads\/2026\/04\/Hotspot-Portrek-13-180x180.png 180w, https:\/\/circulareconomyhotspotbudapest.com\/wp-content\/uploads\/2026\/04\/Hotspot-Portrek-13-705x705.png 705w, https:\/\/circulareconomyhotspotbudapest.com\/wp-content\/uploads\/2026\/04\/Hotspot-Portrek-13-120x120.png 120w, https:\/\/circulareconomyhotspotbudapest.com\/wp-content\/uploads\/2026\/04\/Hotspot-Portrek-13-450x450.png 450w, https:\/\/circulareconomyhotspotbudapest.com\/wp-content\/uploads\/2026\/04\/Hotspot-Portrek-13-600x600.png 600w, https:\/\/circulareconomyhotspotbudapest.com\/wp-content\/uploads\/2026\/04\/Hotspot-Portrek-13-100x100.png 100w, https:\/\/circulareconomyhotspotbudapest.com\/wp-content\/uploads\/2026\/04\/Hotspot-Portrek-13.png 1000w\" sizes=\"(max-width: 300px) 100vw, 300px\" \/><\/a><div class='grid-content'><div class='avia-arrow'><\/div><header class=\"entry-content-header\" aria-label=\"Portfolio: Gergely S\u00e1ndor\"><h3 class='grid-entry-title entry-title'  itemprop=\"headline\" ><a href='https:\/\/circulareconomyhotspotbudapest.com\/hu\/speaker\/sandor-gergely\/' title='S\u00e1ndor Gergely'>S\u00e1ndor Gergely<\/a><\/h3><\/header><div class='grid-entry-excerpt entry-content'  itemprop=\"text\" >Alap\u00edt\u00f3, \u00fcgyvezet\u0151<br>Viador \u00c1trium Group<\/div><\/div><footer class=\"entry-footer\"><\/footer><\/article><\/div><div data-ajax-id='812' class='grid-entry flex_column isotope-item all_sort no_margin post-entry post-entry-812 grid-entry-overview grid-loop-21 grid-parity-odd  circular-economy_sort  av_one_fourth first default_av_fullwidth'><article class='main_color inner-entry'  itemscope=\"itemscope\" itemtype=\"https:\/\/schema.org\/CreativeWork\" ><a href=\"https:\/\/circulareconomyhotspotbudapest.com\/hu\/speaker\/simon-anita\/\" title='Simon Anita'  data-rel='grid-1' class='grid-image avia-hover-fx'> <img decoding=\"async\" fetchpriority=\"high\" width=\"300\" height=\"300\" src=\"https:\/\/circulareconomyhotspotbudapest.com\/wp-content\/uploads\/2026\/04\/12-300x300.png\" class=\"wp-image-830 avia-img-lazy-loading-not-830 attachment-medium size-medium wp-post-image\" alt=\"\" srcset=\"https:\/\/circulareconomyhotspotbudapest.com\/wp-content\/uploads\/2026\/04\/12-300x300.png 300w, https:\/\/circulareconomyhotspotbudapest.com\/wp-content\/uploads\/2026\/04\/12-80x80.png 80w, https:\/\/circulareconomyhotspotbudapest.com\/wp-content\/uploads\/2026\/04\/12-768x768.png 768w, https:\/\/circulareconomyhotspotbudapest.com\/wp-content\/uploads\/2026\/04\/12-12x12.png 12w, https:\/\/circulareconomyhotspotbudapest.com\/wp-content\/uploads\/2026\/04\/12-36x36.png 36w, https:\/\/circulareconomyhotspotbudapest.com\/wp-content\/uploads\/2026\/04\/12-180x180.png 180w, https:\/\/circulareconomyhotspotbudapest.com\/wp-content\/uploads\/2026\/04\/12-705x705.png 705w, https:\/\/circulareconomyhotspotbudapest.com\/wp-content\/uploads\/2026\/04\/12-120x120.png 120w, https:\/\/circulareconomyhotspotbudapest.com\/wp-content\/uploads\/2026\/04\/12-450x450.png 450w, https:\/\/circulareconomyhotspotbudapest.com\/wp-content\/uploads\/2026\/04\/12-600x600.png 600w, https:\/\/circulareconomyhotspotbudapest.com\/wp-content\/uploads\/2026\/04\/12-100x100.png 100w, https:\/\/circulareconomyhotspotbudapest.com\/wp-content\/uploads\/2026\/04\/12.png 1000w\" sizes=\"(max-width: 300px) 100vw, 300px\" \/><\/a><div class='grid-content'><div class='avia-arrow'><\/div><header class=\"entry-content-header\" aria-label=\"Portfolio: Anita Simon\"><h3 class='grid-entry-title entry-title'  itemprop=\"headline\" ><a href='https:\/\/circulareconomyhotspotbudapest.com\/hu\/speaker\/simon-anita\/' title='Simon Anita'>Simon Anita<\/a><\/h3><\/header><div class='grid-entry-excerpt entry-content'  itemprop=\"text\" >Fenntarthat\u00f3s\u00e1g\u00e9rt \u00e9s k\u00f6rforg\u00e1sos gazdas\u00e1g\u00e9rt felel\u0151s vez\u00e9rigazgat\u00f3-helyettes<br>ALTEO Nyrt.\n<\/div><\/div><footer class=\"entry-footer\"><\/footer><\/article><\/div><div data-ajax-id='999' class='grid-entry flex_column isotope-item all_sort no_margin post-entry post-entry-999 grid-entry-overview grid-loop-22 grid-parity-even  circular-economy_sort  av_one_fourth  default_av_fullwidth'><article class='main_color inner-entry'  itemscope=\"itemscope\" itemtype=\"https:\/\/schema.org\/CreativeWork\" ><a href=\"https:\/\/circulareconomyhotspotbudapest.com\/hu\/speaker\/szaky-tom\/\" title='Tom Szaky'  data-rel='grid-1' class='grid-image avia-hover-fx'> <img decoding=\"async\" fetchpriority=\"high\" width=\"300\" height=\"300\" src=\"https:\/\/circulareconomyhotspotbudapest.com\/wp-content\/uploads\/2026\/04\/1-300x300.png\" class=\"wp-image-831 avia-img-lazy-loading-not-831 attachment-medium size-medium wp-post-image\" alt=\"\" srcset=\"https:\/\/circulareconomyhotspotbudapest.com\/wp-content\/uploads\/2026\/04\/1-300x300.png 300w, https:\/\/circulareconomyhotspotbudapest.com\/wp-content\/uploads\/2026\/04\/1-80x80.png 80w, https:\/\/circulareconomyhotspotbudapest.com\/wp-content\/uploads\/2026\/04\/1-768x768.png 768w, https:\/\/circulareconomyhotspotbudapest.com\/wp-content\/uploads\/2026\/04\/1-12x12.png 12w, https:\/\/circulareconomyhotspotbudapest.com\/wp-content\/uploads\/2026\/04\/1-36x36.png 36w, https:\/\/circulareconomyhotspotbudapest.com\/wp-content\/uploads\/2026\/04\/1-180x180.png 180w, https:\/\/circulareconomyhotspotbudapest.com\/wp-content\/uploads\/2026\/04\/1-705x705.png 705w, https:\/\/circulareconomyhotspotbudapest.com\/wp-content\/uploads\/2026\/04\/1-120x120.png 120w, https:\/\/circulareconomyhotspotbudapest.com\/wp-content\/uploads\/2026\/04\/1-450x450.png 450w, https:\/\/circulareconomyhotspotbudapest.com\/wp-content\/uploads\/2026\/04\/1-600x600.png 600w, https:\/\/circulareconomyhotspotbudapest.com\/wp-content\/uploads\/2026\/04\/1-100x100.png 100w, https:\/\/circulareconomyhotspotbudapest.com\/wp-content\/uploads\/2026\/04\/1.png 1000w\" sizes=\"(max-width: 300px) 100vw, 300px\" \/><\/a><div class='grid-content'><div class='avia-arrow'><\/div><header class=\"entry-content-header\" aria-label=\"Portfolio: Tom Szaky\"><h3 class='grid-entry-title entry-title'  itemprop=\"headline\" ><a href='https:\/\/circulareconomyhotspotbudapest.com\/hu\/speaker\/szaky-tom\/' title='Tom Szaky'>Tom Szaky<\/a><\/h3><\/header><div class='grid-entry-excerpt entry-content'  itemprop=\"text\" >Vez\u00e9rigazgat\u00f3<br>TerraCycle<\/div><\/div><footer class=\"entry-footer\"><\/footer><\/article><\/div><div data-ajax-id='909' class='grid-entry flex_column isotope-item all_sort no_margin post-entry post-entry-909 grid-entry-overview grid-loop-23 grid-parity-odd  circular-economy_sort  av_one_fourth  default_av_fullwidth'><article class='main_color inner-entry'  itemscope=\"itemscope\" itemtype=\"https:\/\/schema.org\/CreativeWork\" ><a href=\"https:\/\/circulareconomyhotspotbudapest.com\/hu\/speaker\/urge-vorsatz-diana\/\" title='\u00dcrge-Vorsatz Di\u00e1na'  data-rel='grid-1' class='grid-image avia-hover-fx'> <img decoding=\"async\" fetchpriority=\"high\" width=\"300\" height=\"300\" src=\"https:\/\/circulareconomyhotspotbudapest.com\/wp-content\/uploads\/2026\/04\/Hotspot-Portrek-2-300x300.png\" class=\"wp-image-901 avia-img-lazy-loading-not-901 attachment-medium size-medium wp-post-image\" alt=\"\" srcset=\"https:\/\/circulareconomyhotspotbudapest.com\/wp-content\/uploads\/2026\/04\/Hotspot-Portrek-2-300x300.png 300w, https:\/\/circulareconomyhotspotbudapest.com\/wp-content\/uploads\/2026\/04\/Hotspot-Portrek-2-80x80.png 80w, https:\/\/circulareconomyhotspotbudapest.com\/wp-content\/uploads\/2026\/04\/Hotspot-Portrek-2-768x768.png 768w, https:\/\/circulareconomyhotspotbudapest.com\/wp-content\/uploads\/2026\/04\/Hotspot-Portrek-2-12x12.png 12w, https:\/\/circulareconomyhotspotbudapest.com\/wp-content\/uploads\/2026\/04\/Hotspot-Portrek-2-36x36.png 36w, https:\/\/circulareconomyhotspotbudapest.com\/wp-content\/uploads\/2026\/04\/Hotspot-Portrek-2-180x180.png 180w, https:\/\/circulareconomyhotspotbudapest.com\/wp-content\/uploads\/2026\/04\/Hotspot-Portrek-2-705x705.png 705w, https:\/\/circulareconomyhotspotbudapest.com\/wp-content\/uploads\/2026\/04\/Hotspot-Portrek-2-120x120.png 120w, https:\/\/circulareconomyhotspotbudapest.com\/wp-content\/uploads\/2026\/04\/Hotspot-Portrek-2-450x450.png 450w, https:\/\/circulareconomyhotspotbudapest.com\/wp-content\/uploads\/2026\/04\/Hotspot-Portrek-2-600x600.png 600w, https:\/\/circulareconomyhotspotbudapest.com\/wp-content\/uploads\/2026\/04\/Hotspot-Portrek-2-100x100.png 100w, https:\/\/circulareconomyhotspotbudapest.com\/wp-content\/uploads\/2026\/04\/Hotspot-Portrek-2.png 1000w\" sizes=\"(max-width: 300px) 100vw, 300px\" \/><\/a><div class='grid-content'><div class='avia-arrow'><\/div><header class=\"entry-content-header\" aria-label=\"Portfolio: Di\u00e1na \u00dcrge-Vorsatz\"><h3 class='grid-entry-title entry-title'  itemprop=\"headline\" ><a href='https:\/\/circulareconomyhotspotbudapest.com\/hu\/speaker\/urge-vorsatz-diana\/' title='\u00dcrge-Vorsatz Di\u00e1na'>\u00dcrge-Vorsatz Di\u00e1na<\/a><\/h3><\/header><div class='grid-entry-excerpt entry-content'  itemprop=\"text\" >Kl\u00edmakutat\u00f3<br>Aleln\u00f6k, \u00c9ghajlatv\u00e1ltoz\u00e1si Korm\u00e1nyk\u00f6zi Test\u00fclet (IPCC)<br>Professzor, CEU<\/div><\/div><footer class=\"entry-footer\"><\/footer><\/article><\/div><div data-ajax-id='965' class='grid-entry flex_column isotope-item all_sort no_margin post-entry post-entry-965 grid-entry-overview grid-loop-24 grid-parity-even  circular-economy_sort  av_one_fourth  default_av_fullwidth'><article class='main_color inner-entry'  itemscope=\"itemscope\" itemtype=\"https:\/\/schema.org\/CreativeWork\" ><a href=\"https:\/\/circulareconomyhotspotbudapest.com\/hu\/speaker\/van-eijk-freek\/\" title='Freek van Eijk'  data-rel='grid-1' class='grid-image avia-hover-fx'> <img decoding=\"async\" fetchpriority=\"high\" width=\"300\" height=\"300\" src=\"https:\/\/circulareconomyhotspotbudapest.com\/wp-content\/uploads\/2026\/04\/Hotspot-Portrek-10-300x300.png\" class=\"wp-image-967 avia-img-lazy-loading-not-967 attachment-medium size-medium wp-post-image\" alt=\"\" srcset=\"https:\/\/circulareconomyhotspotbudapest.com\/wp-content\/uploads\/2026\/04\/Hotspot-Portrek-10-300x300.png 300w, https:\/\/circulareconomyhotspotbudapest.com\/wp-content\/uploads\/2026\/04\/Hotspot-Portrek-10-80x80.png 80w, https:\/\/circulareconomyhotspotbudapest.com\/wp-content\/uploads\/2026\/04\/Hotspot-Portrek-10-768x768.png 768w, https:\/\/circulareconomyhotspotbudapest.com\/wp-content\/uploads\/2026\/04\/Hotspot-Portrek-10-12x12.png 12w, https:\/\/circulareconomyhotspotbudapest.com\/wp-content\/uploads\/2026\/04\/Hotspot-Portrek-10-36x36.png 36w, https:\/\/circulareconomyhotspotbudapest.com\/wp-content\/uploads\/2026\/04\/Hotspot-Portrek-10-180x180.png 180w, https:\/\/circulareconomyhotspotbudapest.com\/wp-content\/uploads\/2026\/04\/Hotspot-Portrek-10-705x705.png 705w, https:\/\/circulareconomyhotspotbudapest.com\/wp-content\/uploads\/2026\/04\/Hotspot-Portrek-10-120x120.png 120w, https:\/\/circulareconomyhotspotbudapest.com\/wp-content\/uploads\/2026\/04\/Hotspot-Portrek-10-450x450.png 450w, https:\/\/circulareconomyhotspotbudapest.com\/wp-content\/uploads\/2026\/04\/Hotspot-Portrek-10-600x600.png 600w, https:\/\/circulareconomyhotspotbudapest.com\/wp-content\/uploads\/2026\/04\/Hotspot-Portrek-10-100x100.png 100w, https:\/\/circulareconomyhotspotbudapest.com\/wp-content\/uploads\/2026\/04\/Hotspot-Portrek-10.png 1000w\" sizes=\"(max-width: 300px) 100vw, 300px\" \/><\/a><div class='grid-content'><div class='avia-arrow'><\/div><header class=\"entry-content-header\" aria-label=\"Portfolio: Freek van Eijk\"><h3 class='grid-entry-title entry-title'  itemprop=\"headline\" ><a href='https:\/\/circulareconomyhotspotbudapest.com\/hu\/speaker\/van-eijk-freek\/' title='Freek van Eijk'>Freek van Eijk<\/a><\/h3><\/header><div class='grid-entry-excerpt entry-content'  itemprop=\"text\" >Vez\u00e9rigazgat\u00f3<br>Holland Circular Hotspot<\/div><\/div><footer class=\"entry-footer\"><\/footer><\/article><\/div><div data-ajax-id='793' class='grid-entry flex_column isotope-item all_sort no_margin post-entry post-entry-793 grid-entry-overview grid-loop-25 grid-parity-odd  circular-economy_sort  av_one_fourth first default_av_fullwidth'><article class='main_color inner-entry'  itemscope=\"itemscope\" itemtype=\"https:\/\/schema.org\/CreativeWork\" ><a href=\"https:\/\/circulareconomyhotspotbudapest.com\/hu\/speaker\/vida-adam\/\" title='Vida \u00c1d\u00e1m'  data-rel='grid-1' class='grid-image avia-hover-fx'> <img decoding=\"async\" fetchpriority=\"high\" width=\"300\" height=\"300\" src=\"https:\/\/circulareconomyhotspotbudapest.com\/wp-content\/uploads\/2026\/04\/7-300x300.png\" class=\"wp-image-837 avia-img-lazy-loading-not-837 attachment-medium size-medium wp-post-image\" alt=\"\" srcset=\"https:\/\/circulareconomyhotspotbudapest.com\/wp-content\/uploads\/2026\/04\/7-300x300.png 300w, https:\/\/circulareconomyhotspotbudapest.com\/wp-content\/uploads\/2026\/04\/7-80x80.png 80w, https:\/\/circulareconomyhotspotbudapest.com\/wp-content\/uploads\/2026\/04\/7-768x768.png 768w, https:\/\/circulareconomyhotspotbudapest.com\/wp-content\/uploads\/2026\/04\/7-12x12.png 12w, https:\/\/circulareconomyhotspotbudapest.com\/wp-content\/uploads\/2026\/04\/7-36x36.png 36w, https:\/\/circulareconomyhotspotbudapest.com\/wp-content\/uploads\/2026\/04\/7-180x180.png 180w, https:\/\/circulareconomyhotspotbudapest.com\/wp-content\/uploads\/2026\/04\/7-705x705.png 705w, https:\/\/circulareconomyhotspotbudapest.com\/wp-content\/uploads\/2026\/04\/7-120x120.png 120w, https:\/\/circulareconomyhotspotbudapest.com\/wp-content\/uploads\/2026\/04\/7-450x450.png 450w, https:\/\/circulareconomyhotspotbudapest.com\/wp-content\/uploads\/2026\/04\/7-600x600.png 600w, https:\/\/circulareconomyhotspotbudapest.com\/wp-content\/uploads\/2026\/04\/7-100x100.png 100w, https:\/\/circulareconomyhotspotbudapest.com\/wp-content\/uploads\/2026\/04\/7.png 1000w\" sizes=\"(max-width: 300px) 100vw, 300px\" \/><\/a><div class='grid-content'><div class='avia-arrow'><\/div><header class=\"entry-content-header\" aria-label=\"Portfolio: \u00c1d\u00e1m Vida\"><h3 class='grid-entry-title entry-title'  itemprop=\"headline\" ><a href='https:\/\/circulareconomyhotspotbudapest.com\/hu\/speaker\/vida-adam\/' title='Vida \u00c1d\u00e1m'>Vida \u00c1d\u00e1m<\/a><\/h3><\/header><div class='grid-entry-excerpt entry-content'  itemprop=\"text\" >K+F igazgat\u00f3, Bay Zolt\u00e1n Kutat\u00f3int\u00e9zet <br>\n\u00dcgyvezet\u0151 igazgat\u00f3, Edortech Kft.<\/div><\/div><footer class=\"entry-footer\"><\/footer><\/article><\/div><div data-ajax-id='672' class='grid-entry flex_column isotope-item all_sort no_margin post-entry post-entry-672 grid-entry-overview grid-loop-26 grid-parity-even  post-entry-last  circular-economy_sort  av_one_fourth  default_av_fullwidth'><article class='main_color inner-entry'  itemscope=\"itemscope\" itemtype=\"https:\/\/schema.org\/CreativeWork\" ><a href=\"https:\/\/circulareconomyhotspotbudapest.com\/hu\/speaker\/zambo-gergely\/\" title='Z\u00e1mb\u00f3 Gergely'  data-rel='grid-1' class='grid-image avia-hover-fx'> <img decoding=\"async\" fetchpriority=\"high\" width=\"300\" height=\"300\" src=\"https:\/\/circulareconomyhotspotbudapest.com\/wp-content\/uploads\/2026\/04\/Hotspot-Portrek-4-300x300.png\" class=\"wp-image-913 avia-img-lazy-loading-not-913 attachment-medium size-medium wp-post-image\" alt=\"\" srcset=\"https:\/\/circulareconomyhotspotbudapest.com\/wp-content\/uploads\/2026\/04\/Hotspot-Portrek-4-300x300.png 300w, https:\/\/circulareconomyhotspotbudapest.com\/wp-content\/uploads\/2026\/04\/Hotspot-Portrek-4-80x80.png 80w, https:\/\/circulareconomyhotspotbudapest.com\/wp-content\/uploads\/2026\/04\/Hotspot-Portrek-4-768x768.png 768w, https:\/\/circulareconomyhotspotbudapest.com\/wp-content\/uploads\/2026\/04\/Hotspot-Portrek-4-12x12.png 12w, https:\/\/circulareconomyhotspotbudapest.com\/wp-content\/uploads\/2026\/04\/Hotspot-Portrek-4-36x36.png 36w, https:\/\/circulareconomyhotspotbudapest.com\/wp-content\/uploads\/2026\/04\/Hotspot-Portrek-4-180x180.png 180w, https:\/\/circulareconomyhotspotbudapest.com\/wp-content\/uploads\/2026\/04\/Hotspot-Portrek-4-705x705.png 705w, https:\/\/circulareconomyhotspotbudapest.com\/wp-content\/uploads\/2026\/04\/Hotspot-Portrek-4-120x120.png 120w, https:\/\/circulareconomyhotspotbudapest.com\/wp-content\/uploads\/2026\/04\/Hotspot-Portrek-4-450x450.png 450w, https:\/\/circulareconomyhotspotbudapest.com\/wp-content\/uploads\/2026\/04\/Hotspot-Portrek-4-600x600.png 600w, https:\/\/circulareconomyhotspotbudapest.com\/wp-content\/uploads\/2026\/04\/Hotspot-Portrek-4-100x100.png 100w, https:\/\/circulareconomyhotspotbudapest.com\/wp-content\/uploads\/2026\/04\/Hotspot-Portrek-4.png 1000w\" sizes=\"(max-width: 300px) 100vw, 300px\" \/><\/a><div class='grid-content'><div class='avia-arrow'><\/div><header class=\"entry-content-header\" aria-label=\"Portfolio: Gergely Z\u00e1mb\u00f3\"><h3 class='grid-entry-title entry-title'  itemprop=\"headline\" ><a href='https:\/\/circulareconomyhotspotbudapest.com\/hu\/speaker\/zambo-gergely\/' title='Z\u00e1mb\u00f3 Gergely'>Z\u00e1mb\u00f3 Gergely<\/a><\/h3><\/header><div class='grid-entry-excerpt entry-content'  itemprop=\"text\" >T\u00e1rsalap\u00edt\u00f3 \u00e9s \u00fcgyvezet\u0151 igazgat\u00f3<br>\nRespray Solutions Kft.<\/div><\/div><footer class=\"entry-footer\"><\/footer><\/article><\/div><\/div><\/div>   <!--   class=\"av-portfolio-grid-sorting-container\"  -->","protected":false},"excerpt":{"rendered":"","protected":false},"author":1,"featured_media":0,"parent":0,"menu_order":0,"comment_status":"closed","ping_status":"closed","template":"","meta":{"footnotes":""},"class_list":["post-590","page","type-page","status-publish","hentry"],"_links":{"self":[{"href":"https:\/\/circulareconomyhotspotbudapest.com\/hu\/wp-json\/wp\/v2\/pages\/590","targetHints":{"allow":["GET"]}}],"collection":[{"href":"https:\/\/circulareconomyhotspotbudapest.com\/hu\/wp-json\/wp\/v2\/pages"}],"about":[{"href":"https:\/\/circulareconomyhotspotbudapest.com\/hu\/wp-json\/wp\/v2\/types\/page"}],"author":[{"embeddable":true,"href":"https:\/\/circulareconomyhotspotbudapest.com\/hu\/wp-json\/wp\/v2\/users\/1"}],"replies":[{"embeddable":true,"href":"https:\/\/circulareconomyhotspotbudapest.com\/hu\/wp-json\/wp\/v2\/comments?post=590"}],"version-history":[{"count":21,"href":"https:\/\/circulareconomyhotspotbudapest.com\/hu\/wp-json\/wp\/v2\/pages\/590\/revisions"}],"predecessor-version":[{"id":1020,"href":"https:\/\/circulareconomyhotspotbudapest.com\/hu\/wp-json\/wp\/v2\/pages\/590\/revisions\/1020"}],"wp:attachment":[{"href":"https:\/\/circulareconomyhotspotbudapest.com\/hu\/wp-json\/wp\/v2\/media?parent=590"}],"curies":[{"name":"wp","href":"https:\/\/api.w.org\/{rel}","templated":true}]}}